{"id":19405,"date":"2019-04-23T09:36:59","date_gmt":"2019-04-23T09:36:59","guid":{"rendered":"http:\/\/www.materials.imdea.org\/groups\/cm\/?page_id=19405"},"modified":"2019-08-08T10:00:44","modified_gmt":"2019-08-08T10:00:44","slug":"conferences","status":"publish","type":"page","link":"https:\/\/www.materials.imdea.org\/groups\/cm\/conferences\/","title":{"rendered":"Conferences"},"content":{"rendered":"\t\t<div data-elementor-type=\"wp-post\" data-elementor-id=\"19405\" class=\"elementor elementor-19405 elementor-bc-flex-widget\" data-elementor-post-type=\"page\">\n\t\t\t\t\t\t<section class=\"elementor-section elementor-top-section elementor-element elementor-element-0003f21 elementor-section-boxed elementor-section-height-default elementor-section-height-default\" data-id=\"0003f21\" data-element_type=\"section\" data-e-type=\"section\">\n\t\t\t\t\t\t<div class=\"elementor-container elementor-column-gap-default\">\n\t\t\t\t\t<div class=\"elementor-column elementor-col-100 elementor-top-column elementor-element elementor-element-90073fc\" data-id=\"90073fc\" data-element_type=\"column\" data-e-type=\"column\">\n\t\t\t<div class=\"elementor-widget-wrap elementor-element-populated\">\n\t\t\t\t\t\t<div class=\"elementor-element elementor-element-cf5fe6b elementor-widget elementor-widget-toggle\" data-id=\"cf5fe6b\" data-element_type=\"widget\" data-e-type=\"widget\" data-widget_type=\"toggle.default\">\n\t\t\t\t<div class=\"elementor-widget-container\">\n\t\t\t\t\t\t\t<div class=\"elementor-toggle\">\n\t\t\t\t\t\t\t<div class=\"elementor-toggle-item\">\n\t\t\t\t\t<div id=\"elementor-tab-title-2171\" class=\"elementor-tab-title\" data-tab=\"1\" role=\"button\" aria-controls=\"elementor-tab-content-2171\" aria-expanded=\"false\">\n\t\t\t\t\t\t\t\t\t\t\t\t<span class=\"elementor-toggle-icon elementor-toggle-icon-left\" aria-hidden=\"true\">\n\t\t\t\t\t\t\t\t\t\t\t\t\t\t\t<i class=\"elementor-toggle-icon-closed fa fa-caret-right\"><\/i>\n\t\t\t\t\t\t\t\t<i class=\"elementor-toggle-icon-opened fa fa-caret-up\"><\/i>\n\t\t\t\t\t\t\t\t\t\t\t\t\t<\/span>\n\t\t\t\t\t\t\t\t\t\t\t\t<a class=\"elementor-toggle-title\" tabindex=\"0\">COMPOSITES 2017<\/a>\n\t\t\t\t\t<\/div>\n\n\t\t\t\t\t<div id=\"elementor-tab-content-2171\" class=\"elementor-tab-content elementor-clearfix\" data-tab=\"1\" role=\"region\" aria-labelledby=\"elementor-tab-title-2171\"><p><strong>6th ECCOMAS \u00a0Thematic Conference on the Mechanical Response of Composites<\/strong><\/p><p><em>Eindhoven, The Netherlands, 20-22 September 2017<\/em><\/p><p><span class=\"title_blue\">A multi-material shell modelling of mechanical behaviour of triaxial braided composites<\/span><br \/><em>A. Garc\u00eda-Carpintero, C.S. Lopes, M. Herr\u00e1ez, J. Xu, C. Gonz\u00e1lez<\/em><\/p><p><span class=\"title_blue\">Damage and failure of woven composites from a bottom-up multiscale modelling approach<\/span><br \/><em>J.I. M\u00fagica, J. Xu, F. Naya, C.S. Lopes, C. Gonz\u00e1lez.<\/em><\/p><p><span class=\"title_blue\">Fibre kinking: from micro to mesomechanics<\/span><br \/><em>M. Herr\u00e1ez, C. Gonz\u00e1lez, C.S. Lopes.<\/em><\/p><\/div>\n\t\t\t\t<\/div>\n\t\t\t\t\t\t\t<div class=\"elementor-toggle-item\">\n\t\t\t\t\t<div id=\"elementor-tab-title-2172\" class=\"elementor-tab-title\" data-tab=\"2\" role=\"button\" aria-controls=\"elementor-tab-content-2172\" aria-expanded=\"false\">\n\t\t\t\t\t\t\t\t\t\t\t\t<span class=\"elementor-toggle-icon elementor-toggle-icon-left\" aria-hidden=\"true\">\n\t\t\t\t\t\t\t\t\t\t\t\t\t\t\t<i class=\"elementor-toggle-icon-closed fa fa-caret-right\"><\/i>\n\t\t\t\t\t\t\t\t<i class=\"elementor-toggle-icon-opened fa fa-caret-up\"><\/i>\n\t\t\t\t\t\t\t\t\t\t\t\t\t<\/span>\n\t\t\t\t\t\t\t\t\t\t\t\t<a class=\"elementor-toggle-title\" tabindex=\"0\">ICCM 21<\/a>\n\t\t\t\t\t<\/div>\n\n\t\t\t\t\t<div id=\"elementor-tab-content-2172\" class=\"elementor-tab-content elementor-clearfix\" data-tab=\"2\" role=\"region\" aria-labelledby=\"elementor-tab-title-2172\"><p><strong>21st International Conference on Composite Materials<\/strong><\/p><p><em>Xi&#8217;an, China, 20-25 August 2017<\/em><\/p><p><span class=\"title_blue\">A virtual testing approach to materials selection for impact shielding applications<\/span><br \/><em>D. Garijo, C.S. Lopes, O. Falc\u00f3, C. Gonz\u00e1lez, V. Votsios.<\/em><\/p><\/div>\n\t\t\t\t<\/div>\n\t\t\t\t\t\t\t<div class=\"elementor-toggle-item\">\n\t\t\t\t\t<div id=\"elementor-tab-title-2173\" class=\"elementor-tab-title\" data-tab=\"3\" role=\"button\" aria-controls=\"elementor-tab-content-2173\" aria-expanded=\"false\">\n\t\t\t\t\t\t\t\t\t\t\t\t<span class=\"elementor-toggle-icon elementor-toggle-icon-left\" aria-hidden=\"true\">\n\t\t\t\t\t\t\t\t\t\t\t\t\t\t\t<i class=\"elementor-toggle-icon-closed fa fa-caret-right\"><\/i>\n\t\t\t\t\t\t\t\t<i class=\"elementor-toggle-icon-opened fa fa-caret-up\"><\/i>\n\t\t\t\t\t\t\t\t\t\t\t\t\t<\/span>\n\t\t\t\t\t\t\t\t\t\t\t\t<a class=\"elementor-toggle-title\" tabindex=\"0\">MATCOMP 2017<\/a>\n\t\t\t\t\t<\/div>\n\n\t\t\t\t\t<div id=\"elementor-tab-content-2173\" class=\"elementor-tab-content elementor-clearfix\" data-tab=\"3\" role=\"region\" aria-labelledby=\"elementor-tab-title-2173\"><p><strong>Congreso Bienal de Materiales Compuestos<\/strong><\/p><p><em>San Sebasti\u00e1n, Spain, 21-23 June 2017<\/em><\/p><p><span class=\"title_blue\">Obtenci\u00f3n de fibra de carbono reciclada mediante pir\u00f3lisis de preimpregnados curados<\/span><br \/><em>A. Fern\u00e1ndez Gorgojo, C.S. Lopes, R. Guzm\u00e1n de Villoria, C. Gonz\u00e1lez, F.A. L\u00f3pez.<\/em><\/p><p><span class=\"title_blue\">Mechanisms of air removal and void development in Out-of-Autoclave processing of laminates<\/span><br \/><em>J.J. Torres, F. Sket, C. Gonz\u00e1lez, M. Simmons.<\/em><\/p><p><span class=\"title_blue\">A microlevel capillary study in composite materials by X-ray tomography<\/span><br \/><em>J. Castro, F. Sket, C. Gonz\u00e1lez.<\/em><\/p><\/div>\n\t\t\t\t<\/div>\n\t\t\t\t\t\t\t<div class=\"elementor-toggle-item\">\n\t\t\t\t\t<div id=\"elementor-tab-title-2174\" class=\"elementor-tab-title\" data-tab=\"4\" role=\"button\" aria-controls=\"elementor-tab-content-2174\" aria-expanded=\"false\">\n\t\t\t\t\t\t\t\t\t\t\t\t<span class=\"elementor-toggle-icon elementor-toggle-icon-left\" aria-hidden=\"true\">\n\t\t\t\t\t\t\t\t\t\t\t\t\t\t\t<i class=\"elementor-toggle-icon-closed fa fa-caret-right\"><\/i>\n\t\t\t\t\t\t\t\t<i class=\"elementor-toggle-icon-opened fa fa-caret-up\"><\/i>\n\t\t\t\t\t\t\t\t\t\t\t\t\t<\/span>\n\t\t\t\t\t\t\t\t\t\t\t\t<a class=\"elementor-toggle-title\" tabindex=\"0\">CFRAC 2017<\/a>\n\t\t\t\t\t<\/div>\n\n\t\t\t\t\t<div id=\"elementor-tab-content-2174\" class=\"elementor-tab-content elementor-clearfix\" data-tab=\"4\" role=\"region\" aria-labelledby=\"elementor-tab-title-2174\"><p><strong>5th International Conference on Computational Modelling of Fracture and Failure of Materials and Structures<\/strong><\/p><p><em>Nantes, France, 14-16 June 2017<\/em><\/p><p><span class=\"title_blue\">Bottom-up Multiscale Approach on Transverse Cracking of Cross-ply Laminates<\/span><br \/><em>M. Herr\u00e1ez, C. Gonz\u00e1lez, C.S. Lopes.<\/em><\/p><\/div>\n\t\t\t\t<\/div>\n\t\t\t\t\t\t\t<div class=\"elementor-toggle-item\">\n\t\t\t\t\t<div id=\"elementor-tab-title-2175\" class=\"elementor-tab-title\" data-tab=\"5\" role=\"button\" aria-controls=\"elementor-tab-content-2175\" aria-expanded=\"false\">\n\t\t\t\t\t\t\t\t\t\t\t\t<span class=\"elementor-toggle-icon elementor-toggle-icon-left\" aria-hidden=\"true\">\n\t\t\t\t\t\t\t\t\t\t\t\t\t\t\t<i class=\"elementor-toggle-icon-closed fa fa-caret-right\"><\/i>\n\t\t\t\t\t\t\t\t<i class=\"elementor-toggle-icon-opened fa fa-caret-up\"><\/i>\n\t\t\t\t\t\t\t\t\t\t\t\t\t<\/span>\n\t\t\t\t\t\t\t\t\t\t\t\t<a class=\"elementor-toggle-title\" tabindex=\"0\">ICNN 4<\/a>\n\t\t\t\t\t<\/div>\n\n\t\t\t\t\t<div id=\"elementor-tab-content-2175\" class=\"elementor-tab-content elementor-clearfix\" data-tab=\"5\" role=\"region\" aria-labelledby=\"elementor-tab-title-2175\"><p><strong>4th International Conference on Nanomechanics and Nanocomposites<\/strong><\/p><p><em>Vicenza, Italy, 14-17 September 2016<\/em><\/p><p><span class=\"title_blue\">Mechanical characterization of fiber, matrix and interface in fiber-reinforced composites<\/span><br \/><em>F. Naya, M. Herr\u00e1ez, F. Sket, C. L\u00f3pes, J.M. Molina, C. Gonz\u00e1lez, J. LLorca.<\/em><\/p><\/div>\n\t\t\t\t<\/div>\n\t\t\t\t\t\t\t<div class=\"elementor-toggle-item\">\n\t\t\t\t\t<div id=\"elementor-tab-title-2176\" class=\"elementor-tab-title\" data-tab=\"6\" role=\"button\" aria-controls=\"elementor-tab-content-2176\" aria-expanded=\"false\">\n\t\t\t\t\t\t\t\t\t\t\t\t<span class=\"elementor-toggle-icon elementor-toggle-icon-left\" aria-hidden=\"true\">\n\t\t\t\t\t\t\t\t\t\t\t\t\t\t\t<i class=\"elementor-toggle-icon-closed fa fa-caret-right\"><\/i>\n\t\t\t\t\t\t\t\t<i class=\"elementor-toggle-icon-opened fa fa-caret-up\"><\/i>\n\t\t\t\t\t\t\t\t\t\t\t\t\t<\/span>\n\t\t\t\t\t\t\t\t\t\t\t\t<a class=\"elementor-toggle-title\" tabindex=\"0\">15th International Conference on Fracture and Damage Mechanics<\/a>\n\t\t\t\t\t<\/div>\n\n\t\t\t\t\t<div id=\"elementor-tab-content-2176\" class=\"elementor-tab-content elementor-clearfix\" data-tab=\"6\" role=\"region\" aria-labelledby=\"elementor-tab-title-2176\"><p><em>Alicante, Spain, 14-16 September 2016<\/em><\/p><p><span class=\"title_blue\">Interlaminar and intralaminar fracture behaviour of carbon fibre reinforced polymer composites<\/span><br \/><em>S. Haldar, C.S. Lopes, C. Gonz\u00e1lez<\/em><\/p><\/div>\n\t\t\t\t<\/div>\n\t\t\t\t\t\t\t<div class=\"elementor-toggle-item\">\n\t\t\t\t\t<div id=\"elementor-tab-title-2177\" class=\"elementor-tab-title\" data-tab=\"7\" role=\"button\" aria-controls=\"elementor-tab-content-2177\" aria-expanded=\"false\">\n\t\t\t\t\t\t\t\t\t\t\t\t<span class=\"elementor-toggle-icon elementor-toggle-icon-left\" aria-hidden=\"true\">\n\t\t\t\t\t\t\t\t\t\t\t\t\t\t\t<i class=\"elementor-toggle-icon-closed fa fa-caret-right\"><\/i>\n\t\t\t\t\t\t\t\t<i class=\"elementor-toggle-icon-opened fa fa-caret-up\"><\/i>\n\t\t\t\t\t\t\t\t\t\t\t\t\t<\/span>\n\t\t\t\t\t\t\t\t\t\t\t\t<a class=\"elementor-toggle-title\" tabindex=\"0\">EMMC15<\/a>\n\t\t\t\t\t<\/div>\n\n\t\t\t\t\t<div id=\"elementor-tab-content-2177\" class=\"elementor-tab-content elementor-clearfix\" data-tab=\"7\" role=\"region\" aria-labelledby=\"elementor-tab-title-2177\"><p><strong>17th European Conference on Composite Materials<\/strong><\/p><p><em>Brussels, Belgium, 7-9 September 2016<\/em><\/p><p><span class=\"title_blue\">Intralaminar Fracture Toughness Characterization: A Computational Micromechanics Perspective<\/span><br \/><em>M. Herr\u00e1ez, C. Gonz\u00e1lez and C.S. Lopes<\/em><\/p><p><span class=\"title_blue\">Implementation of periodic boundary conditions through a penalty method.<\/span><br \/><em>C. Gonz\u00e1lez, M. Herr\u00e1ez, C.S. Lopes<\/em><\/p><p><span class=\"title_blue\">Multiscale modelling of the mechanical behaviour of polyurethane foams<\/span><br \/><em>M. Marvi-Mashhadi, C.S. Lopes, J. Llorca<\/em><\/p><\/div>\n\t\t\t\t<\/div>\n\t\t\t\t\t\t\t<div class=\"elementor-toggle-item\">\n\t\t\t\t\t<div id=\"elementor-tab-title-2178\" class=\"elementor-tab-title\" data-tab=\"8\" role=\"button\" aria-controls=\"elementor-tab-content-2178\" aria-expanded=\"false\">\n\t\t\t\t\t\t\t\t\t\t\t\t<span class=\"elementor-toggle-icon elementor-toggle-icon-left\" aria-hidden=\"true\">\n\t\t\t\t\t\t\t\t\t\t\t\t\t\t\t<i class=\"elementor-toggle-icon-closed fa fa-caret-right\"><\/i>\n\t\t\t\t\t\t\t\t<i class=\"elementor-toggle-icon-opened fa fa-caret-up\"><\/i>\n\t\t\t\t\t\t\t\t\t\t\t\t\t<\/span>\n\t\t\t\t\t\t\t\t\t\t\t\t<a class=\"elementor-toggle-title\" tabindex=\"0\">ICCS19<\/a>\n\t\t\t\t\t<\/div>\n\n\t\t\t\t\t<div id=\"elementor-tab-content-2178\" class=\"elementor-tab-content elementor-clearfix\" data-tab=\"8\" role=\"region\" aria-labelledby=\"elementor-tab-title-2178\"><p><strong>19th International Conference on Composite Structures<\/strong><\/p><p><em>Porto, Portugal, 5-7 September 2016<\/em><\/p><p><span class=\"title_blue\">Damage prediction in Notched and Fastened Bolted Composite Laminate Joints<\/span><br \/><em>Olben Falc\u00f3 Salcines, F. Naya, C.S. Lopes, B. Tijs and S. van der Veen<\/em><\/p><\/div>\n\t\t\t\t<\/div>\n\t\t\t\t\t\t\t<div class=\"elementor-toggle-item\">\n\t\t\t\t\t<div id=\"elementor-tab-title-2179\" class=\"elementor-tab-title\" data-tab=\"9\" role=\"button\" aria-controls=\"elementor-tab-content-2179\" aria-expanded=\"false\">\n\t\t\t\t\t\t\t\t\t\t\t\t<span class=\"elementor-toggle-icon elementor-toggle-icon-left\" aria-hidden=\"true\">\n\t\t\t\t\t\t\t\t\t\t\t\t\t\t\t<i class=\"elementor-toggle-icon-closed fa fa-caret-right\"><\/i>\n\t\t\t\t\t\t\t\t<i class=\"elementor-toggle-icon-opened fa fa-caret-up\"><\/i>\n\t\t\t\t\t\t\t\t\t\t\t\t\t<\/span>\n\t\t\t\t\t\t\t\t\t\t\t\t<a class=\"elementor-toggle-title\" tabindex=\"0\">BCCM-3<\/a>\n\t\t\t\t\t<\/div>\n\n\t\t\t\t\t<div id=\"elementor-tab-content-2179\" class=\"elementor-tab-content elementor-clearfix\" data-tab=\"9\" role=\"region\" aria-labelledby=\"elementor-tab-title-2179\"><p><strong>3rd Brazilian Conference on Composite Materials<\/strong><\/p><p><em>Gramado, RS-Brazil, 28-31 August, 2016<\/em><\/p><p><span class=\"title_blue\">Fibre steering for Composite Panels with improved structural performance<\/span><br \/><em>C.S. Lopes, M. Jeliazkov<\/em><\/p><\/div>\n\t\t\t\t<\/div>\n\t\t\t\t\t\t\t<div class=\"elementor-toggle-item\">\n\t\t\t\t\t<div id=\"elementor-tab-title-21710\" class=\"elementor-tab-title\" data-tab=\"10\" role=\"button\" aria-controls=\"elementor-tab-content-21710\" aria-expanded=\"false\">\n\t\t\t\t\t\t\t\t\t\t\t\t<span class=\"elementor-toggle-icon elementor-toggle-icon-left\" aria-hidden=\"true\">\n\t\t\t\t\t\t\t\t\t\t\t\t\t\t\t<i class=\"elementor-toggle-icon-closed fa fa-caret-right\"><\/i>\n\t\t\t\t\t\t\t\t<i class=\"elementor-toggle-icon-opened fa fa-caret-up\"><\/i>\n\t\t\t\t\t\t\t\t\t\t\t\t\t<\/span>\n\t\t\t\t\t\t\t\t\t\t\t\t<a class=\"elementor-toggle-title\" tabindex=\"0\">ECCM17<\/a>\n\t\t\t\t\t<\/div>\n\n\t\t\t\t\t<div id=\"elementor-tab-content-21710\" class=\"elementor-tab-content elementor-clearfix\" data-tab=\"10\" role=\"region\" aria-labelledby=\"elementor-tab-title-21710\"><p><strong>17th European Conference on Composite Materials<\/strong><\/p><p><em>Munich, Germany, 26-30 June 2016<\/em><\/p><p><span class=\"title_blue\">Intralaminar Fracture Toughness Characterization: A Computational Micromechanics Perspective<\/span><br \/><em>M. Herr\u00e1ez, C. Gonz\u00e1lez and C.S. Lopes<\/em><\/p><p><span class=\"title_blue\">Experimental Characterization of Triaxial Braided Composites<\/span><br \/><em>A. Garc\u00eda-Carpintero, J.W. Roelse, J.J.M. Knippenberg, J. Xu, C. Gonz\u00e1lez and C.S. Lopes<\/em><\/p><p><span class=\"title_blue\">Computational Micromechanics on Polymer Matrix Composites Under Different Environments: Longitudinal, Transverse and Shear Ply Properties<\/span><br \/><em>F. Naya, C.S. Lopes and C. Gonz\u00e1lez<\/em><\/p><p><span class=\"title_blue\">On the effect of fibre shape in fibre reinforced polymers: Strength and toughness<\/span><br \/><em>M. Herr\u00e1ez, C. Gonz\u00e1lez, C.S. Lopes, R. Guzm\u00e1n de Villoria, J. Llorca, T. Varela, J. S\u00e1nchez<\/em><\/p><p><span class=\"title_blue\">Dual scale flow during vacuum infiltration of fiber-reinforced composites: from in situ synchrotron experiments to numerical simulations<\/span><br \/><em>J. Vil\u00e0, F. Sket, C. Gonz\u00e1lez, J. LLorca<\/em><\/p><p><span class=\"title_blue\">Mechanisms of air removal and void development in out-of-autoclave processing of hand lay-up laminates<\/span><br \/><em>J.J. Torres, F. Sket, C. Gonz\u00e1lez, M. Simmons<\/em><\/p><\/div>\n\t\t\t\t<\/div>\n\t\t\t\t\t\t\t<div class=\"elementor-toggle-item\">\n\t\t\t\t\t<div id=\"elementor-tab-title-21711\" class=\"elementor-tab-title\" data-tab=\"11\" role=\"button\" aria-controls=\"elementor-tab-content-21711\" aria-expanded=\"false\">\n\t\t\t\t\t\t\t\t\t\t\t\t<span class=\"elementor-toggle-icon elementor-toggle-icon-left\" aria-hidden=\"true\">\n\t\t\t\t\t\t\t\t\t\t\t\t\t\t\t<i class=\"elementor-toggle-icon-closed fa fa-caret-right\"><\/i>\n\t\t\t\t\t\t\t\t<i class=\"elementor-toggle-icon-opened fa fa-caret-up\"><\/i>\n\t\t\t\t\t\t\t\t\t\t\t\t\t<\/span>\n\t\t\t\t\t\t\t\t\t\t\t\t<a class=\"elementor-toggle-title\" tabindex=\"0\">ECCOMAS 2016<\/a>\n\t\t\t\t\t<\/div>\n\n\t\t\t\t\t<div id=\"elementor-tab-content-21711\" class=\"elementor-tab-content elementor-clearfix\" data-tab=\"11\" role=\"region\" aria-labelledby=\"elementor-tab-title-21711\"><p><strong>VII European Congress on Computational Methods in Applied Sciences and Engineering<\/strong><\/p><p><em>Crete Island, Greece, 5-10 June 2016<\/em><\/p><p><span class=\"title_blue\">Prediction of intra- and inter-laminar failure of laminates using non-local damage-enhanced mean-field homogenization simulations<\/span><br \/><em>L. Wu, F. Sket, L. Adam, I. Doghri, L. Noels<\/em><\/p><\/div>\n\t\t\t\t<\/div>\n\t\t\t\t\t\t\t<div class=\"elementor-toggle-item\">\n\t\t\t\t\t<div id=\"elementor-tab-title-21712\" class=\"elementor-tab-title\" data-tab=\"12\" role=\"button\" aria-controls=\"elementor-tab-content-21712\" aria-expanded=\"false\">\n\t\t\t\t\t\t\t\t\t\t\t\t<span class=\"elementor-toggle-icon elementor-toggle-icon-left\" aria-hidden=\"true\">\n\t\t\t\t\t\t\t\t\t\t\t\t\t\t\t<i class=\"elementor-toggle-icon-closed fa fa-caret-right\"><\/i>\n\t\t\t\t\t\t\t\t<i class=\"elementor-toggle-icon-opened fa fa-caret-up\"><\/i>\n\t\t\t\t\t\t\t\t\t\t\t\t\t<\/span>\n\t\t\t\t\t\t\t\t\t\t\t\t<a class=\"elementor-toggle-title\" tabindex=\"0\">EUROMECH 569<\/a>\n\t\t\t\t\t<\/div>\n\n\t\t\t\t\t<div id=\"elementor-tab-content-21712\" class=\"elementor-tab-content elementor-clearfix\" data-tab=\"12\" role=\"region\" aria-labelledby=\"elementor-tab-title-21712\"><p><strong>Multiscale modeling of fibrous and textile materials<\/strong><\/p><p><em>Chatenay-Malabry, France, 5-7 April, 2016<\/em><\/p><p><span class=\"title_blue\">Experimental and numerical analysis of the in-plane mechanical response of triaxially braided composites<\/span><br \/><em>A. Garc\u00eda-Carpintero, J.J.M. Knippenberg, J. Xu, C.S. Lopes and C. Gonz\u00e1lez<\/em><\/p><p><span class=\"title_blue\">In-plane Mechanical Response of Triaxially Braided Composites<\/span><br \/><em>A. Garc\u00eda-Carpintero, J.J.M. Knippenberg, C. Gonz\u00e1lez and C.S. Lopes<\/em><\/p><\/div>\n\t\t\t\t<\/div>\n\t\t\t\t\t\t\t<div class=\"elementor-toggle-item\">\n\t\t\t\t\t<div id=\"elementor-tab-title-21713\" class=\"elementor-tab-title\" data-tab=\"13\" role=\"button\" aria-controls=\"elementor-tab-content-21713\" aria-expanded=\"false\">\n\t\t\t\t\t\t\t\t\t\t\t\t<span class=\"elementor-toggle-icon elementor-toggle-icon-left\" aria-hidden=\"true\">\n\t\t\t\t\t\t\t\t\t\t\t\t\t\t\t<i class=\"elementor-toggle-icon-closed fa fa-caret-right\"><\/i>\n\t\t\t\t\t\t\t\t<i class=\"elementor-toggle-icon-opened fa fa-caret-up\"><\/i>\n\t\t\t\t\t\t\t\t\t\t\t\t\t<\/span>\n\t\t\t\t\t\t\t\t\t\t\t\t<a class=\"elementor-toggle-title\" tabindex=\"0\">GEF33<\/a>\n\t\t\t\t\t<\/div>\n\n\t\t\t\t\t<div id=\"elementor-tab-content-21713\" class=\"elementor-tab-content elementor-clearfix\" data-tab=\"13\" role=\"region\" aria-labelledby=\"elementor-tab-title-21713\"><p><strong>33er Encuentro del Grupo Espa\u00f1ol de Fractura<\/strong><\/p><p><em>San Sebasti\u00e1n, Spain, 9-11 March, 2016<\/em><\/p><p><span class=\"title_blue\">Resistencia y tenacidad de fibras estructurales para refuerzo de materiales compuestos<\/span><br \/><em>M. Herr\u00e1ez, A. Fern\u00e1ndez, C. Gonz\u00e1lez, C. Lopes<\/em><\/p><\/div>\n\t\t\t\t<\/div>\n\t\t\t\t\t\t\t<div class=\"elementor-toggle-item\">\n\t\t\t\t\t<div id=\"elementor-tab-title-21714\" class=\"elementor-tab-title\" data-tab=\"14\" role=\"button\" aria-controls=\"elementor-tab-content-21714\" aria-expanded=\"false\">\n\t\t\t\t\t\t\t\t\t\t\t\t<span class=\"elementor-toggle-icon elementor-toggle-icon-left\" aria-hidden=\"true\">\n\t\t\t\t\t\t\t\t\t\t\t\t\t\t\t<i class=\"elementor-toggle-icon-closed fa fa-caret-right\"><\/i>\n\t\t\t\t\t\t\t\t<i class=\"elementor-toggle-icon-opened fa fa-caret-up\"><\/i>\n\t\t\t\t\t\t\t\t\t\t\t\t\t<\/span>\n\t\t\t\t\t\t\t\t\t\t\t\t<a class=\"elementor-toggle-title\" tabindex=\"0\">KAUST 2015<\/a>\n\t\t\t\t\t<\/div>\n\n\t\t\t\t\t<div id=\"elementor-tab-content-21714\" class=\"elementor-tab-content elementor-clearfix\" data-tab=\"14\" role=\"region\" aria-labelledby=\"elementor-tab-title-21714\"><p><strong>KAUST Research Conference (King Abdullah University of Science and Technology) Recent Trends in Predicting and Monitoring the Integrity of Composites (COMINT)<\/strong><\/p><p><em>Jeddah, Saudi Arabia, 2015<\/em><\/p><p><span class=\"title_blue\">Recent advances in micromechanics of fiber reinforced composites: experiments and simulations<\/span><br \/><em>Gonz\u00e1lez, F. Naya, M. Herr\u00e1ez, C. Lopes, J. LLorca<\/em><\/p><\/div>\n\t\t\t\t<\/div>\n\t\t\t\t\t\t\t<div class=\"elementor-toggle-item\">\n\t\t\t\t\t<div id=\"elementor-tab-title-21715\" class=\"elementor-tab-title\" data-tab=\"15\" role=\"button\" aria-controls=\"elementor-tab-content-21715\" aria-expanded=\"false\">\n\t\t\t\t\t\t\t\t\t\t\t\t<span class=\"elementor-toggle-icon elementor-toggle-icon-left\" aria-hidden=\"true\">\n\t\t\t\t\t\t\t\t\t\t\t\t\t\t\t<i class=\"elementor-toggle-icon-closed fa fa-caret-right\"><\/i>\n\t\t\t\t\t\t\t\t<i class=\"elementor-toggle-icon-opened fa fa-caret-up\"><\/i>\n\t\t\t\t\t\t\t\t\t\t\t\t\t<\/span>\n\t\t\t\t\t\t\t\t\t\t\t\t<a class=\"elementor-toggle-title\" tabindex=\"0\">ASIDIC<\/a>\n\t\t\t\t\t<\/div>\n\n\t\t\t\t\t<div id=\"elementor-tab-content-21715\" class=\"elementor-tab-content elementor-clearfix\" data-tab=\"15\" role=\"region\" aria-labelledby=\"elementor-tab-title-21715\"><p><strong>Aerospace Structural Impact Dynamics International Conference<\/strong><\/p><p><em>Seville, Spain, 17-19 Nov. 2015<\/em><\/p><p><span class=\"title_blue\">Multiscale Modelling of Impact in Composite Materials and Structures<\/span><br \/><em>C.S. Lopes, C. Gonz\u00e1lez, J. Llorca<\/em><\/p><\/div>\n\t\t\t\t<\/div>\n\t\t\t\t\t\t\t<div class=\"elementor-toggle-item\">\n\t\t\t\t\t<div id=\"elementor-tab-title-21716\" class=\"elementor-tab-title\" data-tab=\"16\" role=\"button\" aria-controls=\"elementor-tab-content-21716\" aria-expanded=\"false\">\n\t\t\t\t\t\t\t\t\t\t\t\t<span class=\"elementor-toggle-icon elementor-toggle-icon-left\" aria-hidden=\"true\">\n\t\t\t\t\t\t\t\t\t\t\t\t\t\t\t<i class=\"elementor-toggle-icon-closed fa fa-caret-right\"><\/i>\n\t\t\t\t\t\t\t\t<i class=\"elementor-toggle-icon-opened fa fa-caret-up\"><\/i>\n\t\t\t\t\t\t\t\t\t\t\t\t\t<\/span>\n\t\t\t\t\t\t\t\t\t\t\t\t<a class=\"elementor-toggle-title\" tabindex=\"0\">5th CEAS<\/a>\n\t\t\t\t\t<\/div>\n\n\t\t\t\t\t<div id=\"elementor-tab-content-21716\" class=\"elementor-tab-content elementor-clearfix\" data-tab=\"16\" role=\"region\" aria-labelledby=\"elementor-tab-title-21716\"><p><strong>(Challenges in European Aerospace) Air &amp; Space Conference<\/strong><\/p><p><em>Delft, The Netherlands, 11 Sept. 2015<\/em><\/p><p><span class=\"title_blue\">Multiscale Virtual Testing &#8211; The Roadmap to Efficient Design of Composites for Damage Resistance and Tolerance<\/span><br \/><em>C.S. Lopes, C. Gonz\u00e1lez, O. Falc\u00f3, F. Naya, J. LLorca and B. Tijs<\/em><\/p><\/div>\n\t\t\t\t<\/div>\n\t\t\t\t\t\t\t<div class=\"elementor-toggle-item\">\n\t\t\t\t\t<div id=\"elementor-tab-title-21717\" class=\"elementor-tab-title\" data-tab=\"17\" role=\"button\" aria-controls=\"elementor-tab-content-21717\" aria-expanded=\"false\">\n\t\t\t\t\t\t\t\t\t\t\t\t<span class=\"elementor-toggle-icon elementor-toggle-icon-left\" aria-hidden=\"true\">\n\t\t\t\t\t\t\t\t\t\t\t\t\t\t\t<i class=\"elementor-toggle-icon-closed fa fa-caret-right\"><\/i>\n\t\t\t\t\t\t\t\t<i class=\"elementor-toggle-icon-opened fa fa-caret-up\"><\/i>\n\t\t\t\t\t\t\t\t\t\t\t\t\t<\/span>\n\t\t\t\t\t\t\t\t\t\t\t\t<a class=\"elementor-toggle-title\" tabindex=\"0\">5th ECCOMAS<\/a>\n\t\t\t\t\t<\/div>\n\n\t\t\t\t\t<div id=\"elementor-tab-content-21717\" class=\"elementor-tab-content elementor-clearfix\" data-tab=\"17\" role=\"region\" aria-labelledby=\"elementor-tab-title-21717\"><p><strong>Thematic Conference on Mechanical Response of Composites (Composites 2015)<\/strong><\/p><p><em>Bristol, UK, 7-9 Sept. 2015<\/em><\/p><p><span class=\"title_blue\">An Engineering Solution for the Physically-Consistent Simulation of Cracking in Unidirectional Composites using Continuum Damage Mechanics<\/span><br \/><em>C.S. Lopes, O. Falc\u00f3, B. Tijs, H. Er\u04abin<\/em><\/p><p><span class=\"title_blue\">UD Ply Property Prediction Using Computational Micromechanics: Experiments and Simulations<\/span><br \/><em>Gonz\u00e1lez, F. Naya, M. Herr\u00e1ez, C. Lopes, J. LLorca<\/em><\/p><\/div>\n\t\t\t\t<\/div>\n\t\t\t\t\t\t\t<div class=\"elementor-toggle-item\">\n\t\t\t\t\t<div id=\"elementor-tab-title-21718\" class=\"elementor-tab-title\" data-tab=\"18\" role=\"button\" aria-controls=\"elementor-tab-content-21718\" aria-expanded=\"false\">\n\t\t\t\t\t\t\t\t\t\t\t\t<span class=\"elementor-toggle-icon elementor-toggle-icon-left\" aria-hidden=\"true\">\n\t\t\t\t\t\t\t\t\t\t\t\t\t\t\t<i class=\"elementor-toggle-icon-closed fa fa-caret-right\"><\/i>\n\t\t\t\t\t\t\t\t<i class=\"elementor-toggle-icon-opened fa fa-caret-up\"><\/i>\n\t\t\t\t\t\t\t\t\t\t\t\t\t<\/span>\n\t\t\t\t\t\t\t\t\t\t\t\t<a class=\"elementor-toggle-title\" tabindex=\"0\">ICCM20<\/a>\n\t\t\t\t\t<\/div>\n\n\t\t\t\t\t<div id=\"elementor-tab-content-21718\" class=\"elementor-tab-content elementor-clearfix\" data-tab=\"18\" role=\"region\" aria-labelledby=\"elementor-tab-title-21718\"><p><strong>20th International Conference on\u00a0Composite Materials<\/strong><\/p><p><em>Copenhagen, 19-24 July 2015<\/em><\/p><p><span class=\"title_blue\">Damage tolerance of dispersed-ply laminates<\/span><br \/><em>P. Mouri, C. Gonz\u00e1lez, J. Llorca<\/em><\/p><p><span class=\"title_blue\">Buckling and First-Ply failure of stiffened variable angle tow panels<\/span><br \/><em>M.Jeliazkov, C. Gonz\u00e1lez, J. Llorca<\/em><\/p><p><span class=\"title_blue\">A Level Set Method For Vacuum Infusion Of Composite Materials<\/span><br \/><em>J. Vila, C. Gonz\u00e1lez, J. LLorca<\/em><\/p><p><span class=\"title_blue\">Computational Micromechanics Applied To Polymer Matrix Composites: Fiber-Dependent Properties<\/span><br \/><em>F. Naya, M. Moncl\u00fas, J. Molina, C. Lopes<\/em><\/p><\/div>\n\t\t\t\t<\/div>\n\t\t\t\t\t\t\t<div class=\"elementor-toggle-item\">\n\t\t\t\t\t<div id=\"elementor-tab-title-21719\" class=\"elementor-tab-title\" data-tab=\"19\" role=\"button\" aria-controls=\"elementor-tab-content-21719\" aria-expanded=\"false\">\n\t\t\t\t\t\t\t\t\t\t\t\t<span class=\"elementor-toggle-icon elementor-toggle-icon-left\" aria-hidden=\"true\">\n\t\t\t\t\t\t\t\t\t\t\t\t\t\t\t<i class=\"elementor-toggle-icon-closed fa fa-caret-right\"><\/i>\n\t\t\t\t\t\t\t\t<i class=\"elementor-toggle-icon-opened fa fa-caret-up\"><\/i>\n\t\t\t\t\t\t\t\t\t\t\t\t\t<\/span>\n\t\t\t\t\t\t\t\t\t\t\t\t<a class=\"elementor-toggle-title\" tabindex=\"0\">ESMC 2015<\/a>\n\t\t\t\t\t<\/div>\n\n\t\t\t\t\t<div id=\"elementor-tab-content-21719\" class=\"elementor-tab-content elementor-clearfix\" data-tab=\"19\" role=\"region\" aria-labelledby=\"elementor-tab-title-21719\"><p><strong>ESMC 2015: 9th European Solid Mechanics Conference<\/strong><\/p><p><em>Madrid, Spain, July 6-10, 2015<\/em><\/p><p><span class=\"title_blue\">A Computational Micromechanics Approach for Ply Properties Optimization<\/span><br \/><em>M. Herr\u00e1ez, C. Gonz\u00e1lez, C.S. Lopes<\/em><\/p><p><span class=\"title_blue\">Meso-Mechanical Characterization of Triaxial Braided Composite Material Properties<\/span><br \/><em>A. Garc\u00eda-Carpintero, J. Xu, C.S. Lopes, C. Gonz\u00e1lez<\/em><\/p><p><span class=\"title_blue\">, An Advanced Meso-scale Finite Element Model for Textile Composites<\/span><br \/><em>J. Xu, C. Lopes, C. Gonz\u00e1lez<\/em><\/p><p><span class=\"title_blue\">Multiscale Modelling of Composites for the Physically-Sound Simulation of Low-Velocity Impact on Laminated<\/span><br \/><em>C.S. Lopes, D. Mora, F. Naya, C. Gonz\u00e1lez<\/em><\/p><p><span class=\"title_blue\">Computational micromechanics applied to polymer matrix composites: experiments and simulations<\/span><br \/><em>F. Naya, M. Moncl\u00fas, C. Gonz\u00e1lez, J. Molina, C.S. Lopes<\/em><\/p><p><span class=\"title_blue\">Multiscale characterization strategy for the microstructure and the mechanical properties of polyurethane foams<\/span><br \/><em>M. Marvi-Mashhadi, C.S. Lopes, J. Llorca<\/em><\/p><p><span class=\"title_blue\">Damage Tolerance of Dispersed-Ply Laminates<\/span><br \/><em>P. Mouri Sardar Abadi, C.S. Lopes, M. Abdalla, D. Peeters<\/em><\/p><p><span class=\"title_blue\">Buckling and first-ply failure optimization of stiffened variable angle tow panels<\/span><br \/><em>M. Jeliazkov, C.S. Lopes, M. Abdalla, D. Peeters<\/em><\/p><p><span class=\"title_blue\">Inverse notch sensitivity in a thermally bonded nonwoven<\/span><br \/><em>Ridruejo, R. Jubera, C. Gonz\u00e1lez, J. Llorca<\/em><\/p><p><span class=\"title_blue\">Deformation mechanisms and microstructure evolution of needle punched nonwoven fabrics<\/span><br \/><em>F. Mart\u00ednez Hergueta, A. Ridruejo, C. Gonz\u00e1lez, J. LLorca<\/em><\/p><\/div>\n\t\t\t\t<\/div>\n\t\t\t\t\t\t\t<div class=\"elementor-toggle-item\">\n\t\t\t\t\t<div id=\"elementor-tab-title-21720\" class=\"elementor-tab-title\" data-tab=\"20\" role=\"button\" aria-controls=\"elementor-tab-content-21720\" aria-expanded=\"false\">\n\t\t\t\t\t\t\t\t\t\t\t\t<span class=\"elementor-toggle-icon elementor-toggle-icon-left\" aria-hidden=\"true\">\n\t\t\t\t\t\t\t\t\t\t\t\t\t\t\t<i class=\"elementor-toggle-icon-closed fa fa-caret-right\"><\/i>\n\t\t\t\t\t\t\t\t<i class=\"elementor-toggle-icon-opened fa fa-caret-up\"><\/i>\n\t\t\t\t\t\t\t\t\t\t\t\t\t<\/span>\n\t\t\t\t\t\t\t\t\t\t\t\t<a class=\"elementor-toggle-title\" tabindex=\"0\">MATCOMP15<\/a>\n\t\t\t\t\t<\/div>\n\n\t\t\t\t\t<div id=\"elementor-tab-content-21720\" class=\"elementor-tab-content elementor-clearfix\" data-tab=\"20\" role=\"region\" aria-labelledby=\"elementor-tab-title-21720\"><p><strong>Matcomp15: XI Congreso Nacional de Materiales Compuestos<\/strong><\/p><p><em>Madrid, Spain, 6 &#8211; 8 July 2015<\/em><\/p><p><span class=\"title_blue\">Meso-Mechanical Characterization of Triaxial Braided Composite Material Properties<\/span><br \/><em>A. Garc\u00eda-Carpintero, J. Xu, C.S. Lopes, C. Gonz\u00e1lez<\/em><\/p><p><span class=\"title_blue\">Development of semicured composite parts for highly integrated manufacturing process<\/span><br \/><em>V. Mart\u00ednez, J.L. Jim\u00e9nez, C. Gonz\u00e1lez, V. Garc\u00eda-Solares, R. Pinillos, P. Mu\u00f1oz<\/em><\/p><p><span class=\"title_blue\">Multiscale dual phase flow in vacuum infusion<\/span><br \/><em>J. Vila, C. Gonz\u00e1lez, F. Sket, J. LLorca<\/em><\/p><\/div>\n\t\t\t\t<\/div>\n\t\t\t\t\t\t\t<div class=\"elementor-toggle-item\">\n\t\t\t\t\t<div id=\"elementor-tab-title-21721\" class=\"elementor-tab-title\" data-tab=\"21\" role=\"button\" aria-controls=\"elementor-tab-content-21721\" aria-expanded=\"false\">\n\t\t\t\t\t\t\t\t\t\t\t\t<span class=\"elementor-toggle-icon elementor-toggle-icon-left\" aria-hidden=\"true\">\n\t\t\t\t\t\t\t\t\t\t\t\t\t\t\t<i class=\"elementor-toggle-icon-closed fa fa-caret-right\"><\/i>\n\t\t\t\t\t\t\t\t<i class=\"elementor-toggle-icon-opened fa fa-caret-up\"><\/i>\n\t\t\t\t\t\t\t\t\t\t\t\t\t<\/span>\n\t\t\t\t\t\t\t\t\t\t\t\t<a class=\"elementor-toggle-title\" tabindex=\"0\">ICCS18<\/a>\n\t\t\t\t\t<\/div>\n\n\t\t\t\t\t<div id=\"elementor-tab-content-21721\" class=\"elementor-tab-content elementor-clearfix\" data-tab=\"21\" role=\"region\" aria-labelledby=\"elementor-tab-title-21721\"><p><strong>18th International Conference on Composite Structures<\/strong><\/p><p><em>Lisbon, Portugal, 15-18 June 2015<\/em><\/p><p><span class=\"title_blue\">An Advanced Multi-scale Model for Composite Impact<\/span><br \/><em>J. Xu, S. Haldar, C. Gonz\u00e1lez, C.S. Lopes, , J.Llorca<\/em><\/p><p><span class=\"title_blue\">Variable-stiffness composite panels: Effects of manufacturing on laminate properties<\/span><br \/><em>O. Falc\u00f3, C. S. Lopes, J. A. Mayugo, P. Maim\u00ed<\/em><\/p><\/div>\n\t\t\t\t<\/div>\n\t\t\t\t\t\t\t<div class=\"elementor-toggle-item\">\n\t\t\t\t\t<div id=\"elementor-tab-title-21722\" class=\"elementor-tab-title\" data-tab=\"22\" role=\"button\" aria-controls=\"elementor-tab-content-21722\" aria-expanded=\"false\">\n\t\t\t\t\t\t\t\t\t\t\t\t<span class=\"elementor-toggle-icon elementor-toggle-icon-left\" aria-hidden=\"true\">\n\t\t\t\t\t\t\t\t\t\t\t\t\t\t\t<i class=\"elementor-toggle-icon-closed fa fa-caret-right\"><\/i>\n\t\t\t\t\t\t\t\t<i class=\"elementor-toggle-icon-opened fa fa-caret-up\"><\/i>\n\t\t\t\t\t\t\t\t\t\t\t\t\t<\/span>\n\t\t\t\t\t\t\t\t\t\t\t\t<a class=\"elementor-toggle-title\" tabindex=\"0\">The Second International Symposium on Automated Composites Manufacturing<\/a>\n\t\t\t\t\t<\/div>\n\n\t\t\t\t\t<div id=\"elementor-tab-content-21722\" class=\"elementor-tab-content elementor-clearfix\" data-tab=\"22\" role=\"region\" aria-labelledby=\"elementor-tab-title-21722\"><p><em>Montreal, Canada, April 23-24, 2015<\/em><\/p><p><span class=\"title_blue\">Variable-Stiffness Composite Panels: Defect Tolerance under In-plane and Low-Velocity Impact Loading<\/span><br \/><em>O. Falc\u00f3, C.S. Lopes, J.A. Mayugo, N. Gascons<\/em><\/p><\/div>\n\t\t\t\t<\/div>\n\t\t\t\t\t\t\t<div class=\"elementor-toggle-item\">\n\t\t\t\t\t<div id=\"elementor-tab-title-21723\" class=\"elementor-tab-title\" data-tab=\"23\" role=\"button\" aria-controls=\"elementor-tab-content-21723\" aria-expanded=\"false\">\n\t\t\t\t\t\t\t\t\t\t\t\t<span class=\"elementor-toggle-icon elementor-toggle-icon-left\" aria-hidden=\"true\">\n\t\t\t\t\t\t\t\t\t\t\t\t\t\t\t<i class=\"elementor-toggle-icon-closed fa fa-caret-right\"><\/i>\n\t\t\t\t\t\t\t\t<i class=\"elementor-toggle-icon-opened fa fa-caret-up\"><\/i>\n\t\t\t\t\t\t\t\t\t\t\t\t\t<\/span>\n\t\t\t\t\t\t\t\t\t\t\t\t<a class=\"elementor-toggle-title\" tabindex=\"0\">COMPTEST 2015<\/a>\n\t\t\t\t\t<\/div>\n\n\t\t\t\t\t<div id=\"elementor-tab-content-21723\" class=\"elementor-tab-content elementor-clearfix\" data-tab=\"23\" role=\"region\" aria-labelledby=\"elementor-tab-title-21723\"><p><strong>CompTest 2015: 7th International Conference on Composites Testing and Model Identification<\/strong><\/p><p><em>Madrid, Spain, 8-10 April 2015<\/em><\/p><p><span class=\"title_blue\">Meso-Mechanical Characterization of Triaxial Braided Composite Material Properties<\/span><br \/><em>A. Garc\u00eda-Carpintero, J. Xu, C.S. Lopes, C. Gonz\u00e1lez<\/em><\/p><p><span class=\"title_blue\">Consistent Simulation Of Damage In Unidirectional Composite Coupons Using Continuum Damage Mechanics<\/span><br \/><em>O. Falc\u00f3, C.S. Lopes, B. Tijs and H. Er\u00e7in<\/em><\/p><p><span class=\"title_blue\">Experimental Determination of the Mode II Cohesive Law of UD Hybrid Composite Interfaces using Full Displacement Fields<\/span><br \/><em>G. Cz\u00e9l, M. Jalalvan, M. R.Wisnom, L. P. Canal, C. D. Gonz\u00e1lez &amp; Javier Llorca<\/em><\/p><p><span class=\"title_blue\">A Computational Micromechanics approach for ply properties optimization<\/span><br \/><em>M. Herr\u00e1ez, C. Gonz\u00e1lez, C. Lopes<\/em><\/p><\/div>\n\t\t\t\t<\/div>\n\t\t\t\t\t\t\t<div class=\"elementor-toggle-item\">\n\t\t\t\t\t<div id=\"elementor-tab-title-21724\" class=\"elementor-tab-title\" data-tab=\"24\" role=\"button\" aria-controls=\"elementor-tab-content-21724\" aria-expanded=\"false\">\n\t\t\t\t\t\t\t\t\t\t\t\t<span class=\"elementor-toggle-icon elementor-toggle-icon-left\" aria-hidden=\"true\">\n\t\t\t\t\t\t\t\t\t\t\t\t\t\t\t<i class=\"elementor-toggle-icon-closed fa fa-caret-right\"><\/i>\n\t\t\t\t\t\t\t\t<i class=\"elementor-toggle-icon-opened fa fa-caret-up\"><\/i>\n\t\t\t\t\t\t\t\t\t\t\t\t\t<\/span>\n\t\t\t\t\t\t\t\t\t\t\t\t<a class=\"elementor-toggle-title\" tabindex=\"0\">NDT in Aerospace<\/a>\n\t\t\t\t\t<\/div>\n\n\t\t\t\t\t<div id=\"elementor-tab-content-21724\" class=\"elementor-tab-content elementor-clearfix\" data-tab=\"24\" role=\"region\" aria-labelledby=\"elementor-tab-title-21724\"><p><strong>NDT in Aerospace \u2013 Non-destructive testing in Aerospace<\/strong><\/p><p><em>Madrid, Spain, 12-14 November 2014<\/em><\/p><p><span class=\"title_blue\">Damage and defects assessment in composite materials using X-ray Computed Tomography<\/span><br \/><em>F. Sket, J. Molina Aldaregu\u00eda, C. Gonz\u00e1lez, J. Llorca<\/em><br \/><strong>Oral<\/strong><\/p><\/div>\n\t\t\t\t<\/div>\n\t\t\t\t\t\t\t<div class=\"elementor-toggle-item\">\n\t\t\t\t\t<div id=\"elementor-tab-title-21725\" class=\"elementor-tab-title\" data-tab=\"25\" role=\"button\" aria-controls=\"elementor-tab-content-21725\" aria-expanded=\"false\">\n\t\t\t\t\t\t\t\t\t\t\t\t<span class=\"elementor-toggle-icon elementor-toggle-icon-left\" aria-hidden=\"true\">\n\t\t\t\t\t\t\t\t\t\t\t\t\t\t\t<i class=\"elementor-toggle-icon-closed fa fa-caret-right\"><\/i>\n\t\t\t\t\t\t\t\t<i class=\"elementor-toggle-icon-opened fa fa-caret-up\"><\/i>\n\t\t\t\t\t\t\t\t\t\t\t\t\t<\/span>\n\t\t\t\t\t\t\t\t\t\t\t\t<a class=\"elementor-toggle-title\" tabindex=\"0\">IBS<\/a>\n\t\t\t\t\t<\/div>\n\n\t\t\t\t\t<div id=\"elementor-tab-content-21725\" class=\"elementor-tab-content elementor-clearfix\" data-tab=\"25\" role=\"region\" aria-labelledby=\"elementor-tab-title-21725\"><p><strong>28th International Symposium on Ballistics<\/strong><\/p><p><em>Atlanta, USA, 22 &#8211; 26 September 2014<\/em><\/p><p><span class=\"title_blue\">Influence of the fiber alignment in the ballistic performance of Dyneema nonwoven fabr<\/span><br \/><em>F. Mart\u00ednez-Hergueta, F. G\u00e1lvez, C. Gonz\u00e1lez<\/em><\/p><\/div>\n\t\t\t\t<\/div>\n\t\t\t\t\t\t\t<div class=\"elementor-toggle-item\">\n\t\t\t\t\t<div id=\"elementor-tab-title-21726\" class=\"elementor-tab-title\" data-tab=\"26\" role=\"button\" aria-controls=\"elementor-tab-content-21726\" aria-expanded=\"false\">\n\t\t\t\t\t\t\t\t\t\t\t\t<span class=\"elementor-toggle-icon elementor-toggle-icon-left\" aria-hidden=\"true\">\n\t\t\t\t\t\t\t\t\t\t\t\t\t\t\t<i class=\"elementor-toggle-icon-closed fa fa-caret-right\"><\/i>\n\t\t\t\t\t\t\t\t<i class=\"elementor-toggle-icon-opened fa fa-caret-up\"><\/i>\n\t\t\t\t\t\t\t\t\t\t\t\t\t<\/span>\n\t\t\t\t\t\t\t\t\t\t\t\t<a class=\"elementor-toggle-title\" tabindex=\"0\">IWWCMM 24th<\/a>\n\t\t\t\t\t<\/div>\n\n\t\t\t\t\t<div id=\"elementor-tab-content-21726\" class=\"elementor-tab-content elementor-clearfix\" data-tab=\"26\" role=\"region\" aria-labelledby=\"elementor-tab-title-21726\"><p><strong>24th International Workshop on Computational Micromechanics of Materials<\/strong><\/p><p><em>Madrid, Spain, 2014<\/em><\/p><p><span class=\"title_blue\">Characterisation of the deformation micromechanisms of needlepunched nonwoven fabrics. An experimental and numerial study<\/span><br \/><em>F. Mart\u00ednez-Hergueta, A. Ridruejo, C. Gonz\u00e1lez, J. Llorca<\/em><\/p><p><span class=\"title_blue\">Non-circular Cross Section Carbon Fibers<\/span><br \/><em>M. Herr\u00e1ez, C. Gonz\u00e1lez, C.S. Lopes, R. Guzm\u00e1n<\/em><\/p><\/div>\n\t\t\t\t<\/div>\n\t\t\t\t\t\t\t<div class=\"elementor-toggle-item\">\n\t\t\t\t\t<div id=\"elementor-tab-title-21727\" class=\"elementor-tab-title\" data-tab=\"27\" role=\"button\" aria-controls=\"elementor-tab-content-21727\" aria-expanded=\"false\">\n\t\t\t\t\t\t\t\t\t\t\t\t<span class=\"elementor-toggle-icon elementor-toggle-icon-left\" aria-hidden=\"true\">\n\t\t\t\t\t\t\t\t\t\t\t\t\t\t\t<i class=\"elementor-toggle-icon-closed fa fa-caret-right\"><\/i>\n\t\t\t\t\t\t\t\t<i class=\"elementor-toggle-icon-opened fa fa-caret-up\"><\/i>\n\t\t\t\t\t\t\t\t\t\t\t\t\t<\/span>\n\t\t\t\t\t\t\t\t\t\t\t\t<a class=\"elementor-toggle-title\" tabindex=\"0\">ECCM16<\/a>\n\t\t\t\t\t<\/div>\n\n\t\t\t\t\t<div id=\"elementor-tab-content-21727\" class=\"elementor-tab-content elementor-clearfix\" data-tab=\"27\" role=\"region\" aria-labelledby=\"elementor-tab-title-21727\"><p><strong>16th European Conference on Composite Materials<\/strong><\/p><p><em>Sevilla, Spain, 2014<\/em><\/p><p><span class=\"title_blue\">Modelization of advanced nonwoven fabrics subjected to tensile loads<\/span><br \/><em>F. Mart\u00ednez-Hergueta, A. Ridruejo, F. G\u00e1lvez, C. Gonz\u00e1lez, J. Llorca.<\/em><\/p><p><span class=\"title_blue\">Combined multi-scale simulations in fiber-reinforced composites<\/span><br \/><em>F. Naya, C. Gonz\u00e1lez, C.S.Lopes ,S.Van der Veen, J.Llorca<\/em><\/p><\/div>\n\t\t\t\t<\/div>\n\t\t\t\t\t\t\t<div class=\"elementor-toggle-item\">\n\t\t\t\t\t<div id=\"elementor-tab-title-21728\" class=\"elementor-tab-title\" data-tab=\"28\" role=\"button\" aria-controls=\"elementor-tab-content-21728\" aria-expanded=\"false\">\n\t\t\t\t\t\t\t\t\t\t\t\t<span class=\"elementor-toggle-icon elementor-toggle-icon-left\" aria-hidden=\"true\">\n\t\t\t\t\t\t\t\t\t\t\t\t\t\t\t<i class=\"elementor-toggle-icon-closed fa fa-caret-right\"><\/i>\n\t\t\t\t\t\t\t\t<i class=\"elementor-toggle-icon-opened fa fa-caret-up\"><\/i>\n\t\t\t\t\t\t\t\t\t\t\t\t\t<\/span>\n\t\t\t\t\t\t\t\t\t\t\t\t<a class=\"elementor-toggle-title\" tabindex=\"0\">EUROMAT 2013<\/a>\n\t\t\t\t\t<\/div>\n\n\t\t\t\t\t<div id=\"elementor-tab-content-21728\" class=\"elementor-tab-content elementor-clearfix\" data-tab=\"28\" role=\"region\" aria-labelledby=\"elementor-tab-title-21728\"><p><strong>EUROMAT 2013 \u2013 European Congress and Exhibition on Advanced Materials and Processes<\/strong><\/p><p><em>Sevilla, Spain, 08-13 September 2013<\/em><\/p><p><span class=\"title_blue\">3D Damage characterization during tensile loading of a multidirectional carbon fibre reinforced epoxy laminate<\/span><br \/><em>M. Rodr\u00edguez Hortal\u00e1, G. Requena, F. Sket, J. Molina Aldaregu\u00eda, E. Maire, L. Salvo, M. Scheel<\/em><br \/><strong>Oral<\/strong><\/p><p><span class=\"title_blue\">An XFEM implementation for massively parallel simulations of composites fracture<\/span><br \/><em>G. Vigueras, C. Samaniego Alvarado, E. Casoni, G. Houzeaux, F. Sket, J. Molina Aldaregu\u00eda, A. Makradi, M. V\u00e1zquez, A. J\u00e9rusalem<\/em><br \/><strong>Oral<\/strong><\/p><p><span class=\"title_blue\">X-ray tomographic investigation of damage evolution of sequential tensile deformation of \u00b145\u00ba plain and open-hole carbon fibre laminates<\/span><br \/><em>F. Sket, A. Enfedaque, C. Alton, C. Gonz\u00e1lez, J. Llorca<\/em><br \/><strong>Oral<\/strong><\/p><\/div>\n\t\t\t\t<\/div>\n\t\t\t\t\t\t\t<div class=\"elementor-toggle-item\">\n\t\t\t\t\t<div id=\"elementor-tab-title-21729\" class=\"elementor-tab-title\" data-tab=\"29\" role=\"button\" aria-controls=\"elementor-tab-content-21729\" aria-expanded=\"false\">\n\t\t\t\t\t\t\t\t\t\t\t\t<span class=\"elementor-toggle-icon elementor-toggle-icon-left\" aria-hidden=\"true\">\n\t\t\t\t\t\t\t\t\t\t\t\t\t\t\t<i class=\"elementor-toggle-icon-closed fa fa-caret-right\"><\/i>\n\t\t\t\t\t\t\t\t<i class=\"elementor-toggle-icon-opened fa fa-caret-up\"><\/i>\n\t\t\t\t\t\t\t\t\t\t\t\t\t<\/span>\n\t\t\t\t\t\t\t\t\t\t\t\t<a class=\"elementor-toggle-title\" tabindex=\"0\">COMPLAS XII<\/a>\n\t\t\t\t\t<\/div>\n\n\t\t\t\t\t<div id=\"elementor-tab-content-21729\" class=\"elementor-tab-content elementor-clearfix\" data-tab=\"29\" role=\"region\" aria-labelledby=\"elementor-tab-title-21729\"><p><strong>Complas XII \u2013 XII International Conference on Computational Plasticity. Fundamentals and Applications<\/strong><\/p><p><em>Barcelona, Spain, 03-05 September 2013<\/em><\/p><p><span class=\"title_blue\">An XFEM-CZM Implementation for Large Scale Parallel Composites Fracture Simulations<\/span><br \/><em>G. Vigueras, C. Samaniego Alvarado, G. Houzeaux, F. Sket, J. Molina, A. Makradi, M. V\u00e1zquez, A. J\u00e9rusalem<\/em><br \/><strong>Oral<\/strong><\/p><\/div>\n\t\t\t\t<\/div>\n\t\t\t\t\t\t\t<div class=\"elementor-toggle-item\">\n\t\t\t\t\t<div id=\"elementor-tab-title-21730\" class=\"elementor-tab-title\" data-tab=\"30\" role=\"button\" aria-controls=\"elementor-tab-content-21730\" aria-expanded=\"false\">\n\t\t\t\t\t\t\t\t\t\t\t\t<span class=\"elementor-toggle-icon elementor-toggle-icon-left\" aria-hidden=\"true\">\n\t\t\t\t\t\t\t\t\t\t\t\t\t\t\t<i class=\"elementor-toggle-icon-closed fa fa-caret-right\"><\/i>\n\t\t\t\t\t\t\t\t<i class=\"elementor-toggle-icon-opened fa fa-caret-up\"><\/i>\n\t\t\t\t\t\t\t\t\t\t\t\t\t<\/span>\n\t\t\t\t\t\t\t\t\t\t\t\t<a class=\"elementor-toggle-title\" tabindex=\"0\">ALBA 2013<\/a>\n\t\t\t\t\t<\/div>\n\n\t\t\t\t\t<div id=\"elementor-tab-content-21730\" class=\"elementor-tab-content elementor-clearfix\" data-tab=\"30\" role=\"region\" aria-labelledby=\"elementor-tab-title-21730\"><p><strong>ALBA user meeting and VI AUSE Conference<\/strong><\/p><p><em>Cerdanyola del Vall\u00e8s, Spain, 03-06 September 2013<\/em><\/p><p><span class=\"title_blue\">Synchrotron X-ray microtomography: applications to material science<\/span><br \/><em>F. Sket, G. Requena<\/em><br \/><strong>Oral<\/strong><\/p><\/div>\n\t\t\t\t<\/div>\n\t\t\t\t\t\t\t<div class=\"elementor-toggle-item\">\n\t\t\t\t\t<div id=\"elementor-tab-title-21731\" class=\"elementor-tab-title\" data-tab=\"31\" role=\"button\" aria-controls=\"elementor-tab-content-21731\" aria-expanded=\"false\">\n\t\t\t\t\t\t\t\t\t\t\t\t<span class=\"elementor-toggle-icon elementor-toggle-icon-left\" aria-hidden=\"true\">\n\t\t\t\t\t\t\t\t\t\t\t\t\t\t\t<i class=\"elementor-toggle-icon-closed fa fa-caret-right\"><\/i>\n\t\t\t\t\t\t\t\t<i class=\"elementor-toggle-icon-opened fa fa-caret-up\"><\/i>\n\t\t\t\t\t\t\t\t\t\t\t\t\t<\/span>\n\t\t\t\t\t\t\t\t\t\t\t\t<a class=\"elementor-toggle-title\" tabindex=\"0\">ICMAT2013<\/a>\n\t\t\t\t\t<\/div>\n\n\t\t\t\t\t<div id=\"elementor-tab-content-21731\" class=\"elementor-tab-content elementor-clearfix\" data-tab=\"31\" role=\"region\" aria-labelledby=\"elementor-tab-title-21731\"><p><strong>ICMAT2013 \u2013 7th International Conference on Materials for Advanced Technologies<\/strong><\/p><p><em>Suntec City, Singapore, 30 Jun &#8211; 05 Jul 2013<\/em><\/p><p><span class=\"title_blue\">Hierarchical Mechanisms of Energy Dissipation at the nm and \u03bcm Scale During Fracture of Advanced Fiber-reinforced Composite<\/span><br \/><em>F. Sket, L.P. Canal, R. Guzm\u00e1n, J.M. Molina Aldaregu\u00eda, C. Gonz\u00e1lez, J. Llorca<\/em><br \/><strong>Oral<\/strong><\/p><\/div>\n\t\t\t\t<\/div>\n\t\t\t\t\t\t\t<div class=\"elementor-toggle-item\">\n\t\t\t\t\t<div id=\"elementor-tab-title-21732\" class=\"elementor-tab-title\" data-tab=\"32\" role=\"button\" aria-controls=\"elementor-tab-content-21732\" aria-expanded=\"false\">\n\t\t\t\t\t\t\t\t\t\t\t\t<span class=\"elementor-toggle-icon elementor-toggle-icon-left\" aria-hidden=\"true\">\n\t\t\t\t\t\t\t\t\t\t\t\t\t\t\t<i class=\"elementor-toggle-icon-closed fa fa-caret-right\"><\/i>\n\t\t\t\t\t\t\t\t<i class=\"elementor-toggle-icon-opened fa fa-caret-up\"><\/i>\n\t\t\t\t\t\t\t\t\t\t\t\t\t<\/span>\n\t\t\t\t\t\t\t\t\t\t\t\t<a class=\"elementor-toggle-title\" tabindex=\"0\">CompTest2013<\/a>\n\t\t\t\t\t<\/div>\n\n\t\t\t\t\t<div id=\"elementor-tab-content-21732\" class=\"elementor-tab-content elementor-clearfix\" data-tab=\"32\" role=\"region\" aria-labelledby=\"elementor-tab-title-21732\"><p><strong>CompTest2013 \u2013 6th International Conference on Composite Testing and Model Identification<\/strong><\/p><p><em>Aalborg, Denmark, 22-24 April 2013<\/em><\/p><p><span class=\"title_blue\">X-ray tomography assessment of damage during tensile deformation of \u00b145\u00b0 carbon fiber laminates<\/span><br \/><em>F. Sket, A. Enfedaque, C. Alton, C. Gonz\u00e1lez, J.M. Molina Aldaregu\u00eda, J. Llorca<\/em><br \/><strong>Oral<\/strong><\/p><\/div>\n\t\t\t\t<\/div>\n\t\t\t\t\t\t\t<div class=\"elementor-toggle-item\">\n\t\t\t\t\t<div id=\"elementor-tab-title-21733\" class=\"elementor-tab-title\" data-tab=\"33\" role=\"button\" aria-controls=\"elementor-tab-content-21733\" aria-expanded=\"false\">\n\t\t\t\t\t\t\t\t\t\t\t\t<span class=\"elementor-toggle-icon elementor-toggle-icon-left\" aria-hidden=\"true\">\n\t\t\t\t\t\t\t\t\t\t\t\t\t\t\t<i class=\"elementor-toggle-icon-closed fa fa-caret-right\"><\/i>\n\t\t\t\t\t\t\t\t<i class=\"elementor-toggle-icon-opened fa fa-caret-up\"><\/i>\n\t\t\t\t\t\t\t\t\t\t\t\t\t<\/span>\n\t\t\t\t\t\t\t\t\t\t\t\t<a class=\"elementor-toggle-title\" tabindex=\"0\">ICCM19<\/a>\n\t\t\t\t\t<\/div>\n\n\t\t\t\t\t<div id=\"elementor-tab-content-21733\" class=\"elementor-tab-content elementor-clearfix\" data-tab=\"33\" role=\"region\" aria-labelledby=\"elementor-tab-title-21733\"><p><strong>19th International Conference on Composite Materials.<\/strong><\/p><p><em>Montreal, Canada, 2013<\/em><\/p><p><span class=\"title_blue\">Multilayer ballistic systems based on dry fabrics<\/span><br \/><em>F. Mart\u00ednez-Hergueta, C. Gonz\u00e1lez, J. Llorca, T. Blanco-Varela, J.J. Mart\u00ednez<\/em><\/p><\/div>\n\t\t\t\t<\/div>\n\t\t\t\t\t\t\t<div class=\"elementor-toggle-item\">\n\t\t\t\t\t<div id=\"elementor-tab-title-21734\" class=\"elementor-tab-title\" data-tab=\"34\" role=\"button\" aria-controls=\"elementor-tab-content-21734\" aria-expanded=\"false\">\n\t\t\t\t\t\t\t\t\t\t\t\t<span class=\"elementor-toggle-icon elementor-toggle-icon-left\" aria-hidden=\"true\">\n\t\t\t\t\t\t\t\t\t\t\t\t\t\t\t<i class=\"elementor-toggle-icon-closed fa fa-caret-right\"><\/i>\n\t\t\t\t\t\t\t\t<i class=\"elementor-toggle-icon-opened fa fa-caret-up\"><\/i>\n\t\t\t\t\t\t\t\t\t\t\t\t\t<\/span>\n\t\t\t\t\t\t\t\t\t\t\t\t<a class=\"elementor-toggle-title\" tabindex=\"0\">IUTAM 2012<\/a>\n\t\t\t\t\t<\/div>\n\n\t\t\t\t\t<div id=\"elementor-tab-content-21734\" class=\"elementor-tab-content elementor-clearfix\" data-tab=\"34\" role=\"region\" aria-labelledby=\"elementor-tab-title-21734\"><p><strong>IUTAM 2012 Symposium \u2013 FRACTURE PHENOMENA IN NATURE AND TECHNOLOGY<\/strong><\/p><p><em>Brescia, Italy, 01-05 July 2012<\/em><\/p><p><span class=\"title_blue\">Fracture of heterogeneous materials: a microstructural perspective<\/span><br \/><em>J. LLorca, L. P. Canal, C. Gonz\u00e1lez, J. Segurado, J. M. Molina-Aldaregu\u00eda, F. Sket<\/em><br \/><strong>Oral<\/strong><\/p><\/div>\n\t\t\t\t<\/div>\n\t\t\t\t\t\t\t<div class=\"elementor-toggle-item\">\n\t\t\t\t\t<div id=\"elementor-tab-title-21735\" class=\"elementor-tab-title\" data-tab=\"35\" role=\"button\" aria-controls=\"elementor-tab-content-21735\" aria-expanded=\"false\">\n\t\t\t\t\t\t\t\t\t\t\t\t<span class=\"elementor-toggle-icon elementor-toggle-icon-left\" aria-hidden=\"true\">\n\t\t\t\t\t\t\t\t\t\t\t\t\t\t\t<i class=\"elementor-toggle-icon-closed fa fa-caret-right\"><\/i>\n\t\t\t\t\t\t\t\t<i class=\"elementor-toggle-icon-opened fa fa-caret-up\"><\/i>\n\t\t\t\t\t\t\t\t\t\t\t\t\t<\/span>\n\t\t\t\t\t\t\t\t\t\t\t\t<a class=\"elementor-toggle-title\" tabindex=\"0\">ECCM15<\/a>\n\t\t\t\t\t<\/div>\n\n\t\t\t\t\t<div id=\"elementor-tab-content-21735\" class=\"elementor-tab-content elementor-clearfix\" data-tab=\"35\" role=\"region\" aria-labelledby=\"elementor-tab-title-21735\"><p><strong>ECCM15 \u2013 15TH EUROPEAN CONFERENCE ON COMPOSITE MATERIALS<\/strong><\/p><p><em>Venice, Italy, 24-28 June 2012<\/em><\/p><p><span class=\"title_blue\">Detailed damage mechanisms assessment in composite materials by means of X-ray tomography<\/span><br \/><em>F. Sket, A. Enfedaque, C. Alton, S. Sadaba, J. Molina-Aldareguia, C. Gonz\u00e1lez, J. Llorca<\/em><br \/><strong>Oral<\/strong><\/p><p><span class=\"title_blue\">Analysis of curing cycle effect on processing voids distribution and mechanical properties of a polymer composite material.\u00a0<\/span><br \/><em>S. Hern\u00e1ndez, F. Sket, C. Gonz\u00e1lez, J. Molina, J. Llorca<\/em><br \/><strong>Oral<\/strong><\/p><p><span class=\"title_blue\">Mechanical characterization of 3D woven materials against impact loads<\/span><br \/><em>R. Mu\u00f1oz, R. Seltzer, F. Sket, C. Gonz\u00e1lez, J. Llorca<\/em><\/p><\/div>\n\t\t\t\t<\/div>\n\t\t\t\t\t\t\t<div class=\"elementor-toggle-item\">\n\t\t\t\t\t<div id=\"elementor-tab-title-21736\" class=\"elementor-tab-title\" data-tab=\"36\" role=\"button\" aria-controls=\"elementor-tab-content-21736\" aria-expanded=\"false\">\n\t\t\t\t\t\t\t\t\t\t\t\t<span class=\"elementor-toggle-icon elementor-toggle-icon-left\" aria-hidden=\"true\">\n\t\t\t\t\t\t\t\t\t\t\t\t\t\t\t<i class=\"elementor-toggle-icon-closed fa fa-caret-right\"><\/i>\n\t\t\t\t\t\t\t\t<i class=\"elementor-toggle-icon-opened fa fa-caret-up\"><\/i>\n\t\t\t\t\t\t\t\t\t\t\t\t\t<\/span>\n\t\t\t\t\t\t\t\t\t\t\t\t<a class=\"elementor-toggle-title\" tabindex=\"0\">Airbus PhD Day<\/a>\n\t\t\t\t\t<\/div>\n\n\t\t\t\t\t<div id=\"elementor-tab-content-21736\" class=\"elementor-tab-content elementor-clearfix\" data-tab=\"36\" role=\"region\" aria-labelledby=\"elementor-tab-title-21736\"><p><em>Madrid, Spain, 2012<\/em><\/p><p><span class=\"title_blue\">Development of ballistic protections against small fragments for UERF applications<\/span><br \/><em>F. Mart\u00ednez-Hergueta, C. Gonz\u00e1lez, J. Llorca<\/em><\/p><\/div>\n\t\t\t\t<\/div>\n\t\t\t\t\t\t\t<div class=\"elementor-toggle-item\">\n\t\t\t\t\t<div id=\"elementor-tab-title-21737\" class=\"elementor-tab-title\" data-tab=\"37\" role=\"button\" aria-controls=\"elementor-tab-content-21737\" aria-expanded=\"false\">\n\t\t\t\t\t\t\t\t\t\t\t\t<span class=\"elementor-toggle-icon elementor-toggle-icon-left\" aria-hidden=\"true\">\n\t\t\t\t\t\t\t\t\t\t\t\t\t\t\t<i class=\"elementor-toggle-icon-closed fa fa-caret-right\"><\/i>\n\t\t\t\t\t\t\t\t<i class=\"elementor-toggle-icon-opened fa fa-caret-up\"><\/i>\n\t\t\t\t\t\t\t\t\t\t\t\t\t<\/span>\n\t\t\t\t\t\t\t\t\t\t\t\t<a class=\"elementor-toggle-title\" tabindex=\"0\">3D Microstructure Meeting<\/a>\n\t\t\t\t\t<\/div>\n\n\t\t\t\t\t<div id=\"elementor-tab-content-21737\" class=\"elementor-tab-content elementor-clearfix\" data-tab=\"37\" role=\"region\" aria-labelledby=\"elementor-tab-title-21737\"><p><em>Saarbr\u00fccken, Germany, 02-04 November 2011<\/em><\/p><p><span class=\"title_blue\">In-situ synchrotron microtomography during tensile deformation of a multidirectional carbon fibre reinforced epoxy laminate.<\/span><br \/><em>M. Rodr\u00edguez-Hortal\u00e1, G. Requena, F. Sket, J. Molina-Aldareguia, E. Maire, L. Salvo, M. Schell.<\/em><\/p><\/div>\n\t\t\t\t<\/div>\n\t\t\t\t\t\t\t<div class=\"elementor-toggle-item\">\n\t\t\t\t\t<div id=\"elementor-tab-title-21738\" class=\"elementor-tab-title\" data-tab=\"38\" role=\"button\" aria-controls=\"elementor-tab-content-21738\" aria-expanded=\"false\">\n\t\t\t\t\t\t\t\t\t\t\t\t<span class=\"elementor-toggle-icon elementor-toggle-icon-left\" aria-hidden=\"true\">\n\t\t\t\t\t\t\t\t\t\t\t\t\t\t\t<i class=\"elementor-toggle-icon-closed fa fa-caret-right\"><\/i>\n\t\t\t\t\t\t\t\t<i class=\"elementor-toggle-icon-opened fa fa-caret-up\"><\/i>\n\t\t\t\t\t\t\t\t\t\t\t\t\t<\/span>\n\t\t\t\t\t\t\t\t\t\t\t\t<a class=\"elementor-toggle-title\" tabindex=\"0\">COMPOSITES 2011<\/a>\n\t\t\t\t\t<\/div>\n\n\t\t\t\t\t<div id=\"elementor-tab-content-21738\" class=\"elementor-tab-content elementor-clearfix\" data-tab=\"38\" role=\"region\" aria-labelledby=\"elementor-tab-title-21738\"><p><strong>COMPOSITES 2011<\/strong><strong>\u00a0\u2013 Conference con the mechanical response of composites<\/strong><\/p><p><em>Hannover, Germany, 21-23 September 2011<\/em><\/p><p><span class=\"title_blue\">Matrix Experimental assessment of processing defects on the mechanical properties of a composite material by X-ray tomography<\/span><br \/><em>S. Hernandez, F. Sket, C. Gonzalez, J. Molina, J. Llorca<\/em><br \/><strong>Oral<\/strong><\/p><\/div>\n\t\t\t\t<\/div>\n\t\t\t\t\t\t\t<div class=\"elementor-toggle-item\">\n\t\t\t\t\t<div id=\"elementor-tab-title-21739\" class=\"elementor-tab-title\" data-tab=\"39\" role=\"button\" aria-controls=\"elementor-tab-content-21739\" aria-expanded=\"false\">\n\t\t\t\t\t\t\t\t\t\t\t\t<span class=\"elementor-toggle-icon elementor-toggle-icon-left\" aria-hidden=\"true\">\n\t\t\t\t\t\t\t\t\t\t\t\t\t\t\t<i class=\"elementor-toggle-icon-closed fa fa-caret-right\"><\/i>\n\t\t\t\t\t\t\t\t<i class=\"elementor-toggle-icon-opened fa fa-caret-up\"><\/i>\n\t\t\t\t\t\t\t\t\t\t\t\t\t<\/span>\n\t\t\t\t\t\t\t\t\t\t\t\t<a class=\"elementor-toggle-title\" tabindex=\"0\">ICME<\/a>\n\t\t\t\t\t<\/div>\n\n\t\t\t\t\t<div id=\"elementor-tab-content-21739\" class=\"elementor-tab-content elementor-clearfix\" data-tab=\"39\" role=\"region\" aria-labelledby=\"elementor-tab-title-21739\"><p><b>1<\/b><b>st<\/b><b>\u00a0World\u00a0<\/b><b>Congress<\/b><b>\u00a0on Integrated\u00a0<\/b><b>Computational<\/b><b>\u00a0Materials Engineering<\/b>.<\/p><p><span class=\"title_blue\">Virtual mechanical testing of composites: from materials to components.<\/span><br \/><em>J. LLorca, C. Gonz\u00e1lez.<\/em><\/p><\/div>\n\t\t\t\t<\/div>\n\t\t\t\t\t\t\t<div class=\"elementor-toggle-item\">\n\t\t\t\t\t<div id=\"elementor-tab-title-21740\" class=\"elementor-tab-title\" data-tab=\"40\" role=\"button\" aria-controls=\"elementor-tab-content-21740\" aria-expanded=\"false\">\n\t\t\t\t\t\t\t\t\t\t\t\t<span class=\"elementor-toggle-icon elementor-toggle-icon-left\" aria-hidden=\"true\">\n\t\t\t\t\t\t\t\t\t\t\t\t\t\t\t<i class=\"elementor-toggle-icon-closed fa fa-caret-right\"><\/i>\n\t\t\t\t\t\t\t\t<i class=\"elementor-toggle-icon-opened fa fa-caret-up\"><\/i>\n\t\t\t\t\t\t\t\t\t\t\t\t\t<\/span>\n\t\t\t\t\t\t\t\t\t\t\t\t<a class=\"elementor-toggle-title\" tabindex=\"0\">MATCOMP 2011<\/a>\n\t\t\t\t\t<\/div>\n\n\t\t\t\t\t<div id=\"elementor-tab-content-21740\" class=\"elementor-tab-content elementor-clearfix\" data-tab=\"40\" role=\"region\" aria-labelledby=\"elementor-tab-title-21740\"><p><strong>Matcomp2011\u00a0<\/strong>\u2013<strong>\u00a0IX Congreso Nacional de Materiales Compuestos<\/strong><\/p><p><em>Girona, Spain, 05-08 July 2011<\/em><\/p><p><span class=\"title_blue\">Cracking and Crack Deflection in Unidirectional Fiber Reinforced Composite Laminates<\/span><br \/><em>S. S\u00e1daba, R. Mu\u00f1oz, F. Sket, C. Gonz\u00e1lez, J. Llorca<\/em><br \/><strong>Oral<\/strong><\/p><p><span class=\"title_blue\">Damage inspection in 3D orthogonal woven composites and plain weave fabrics subjected to both static and impact loads. Testing and simulatio<\/span><br \/><em>R. Mu\u00f1oz, R. Seltzer, F. Sket, C. Gonz\u00e1les, J. Llorca<\/em><br \/><strong>Oral<\/strong><\/p><p><span class=\"title_blue\">Damage And Defects Assessment In Composite Materials Using X-Ray Computed Tomography<\/span><br \/><em>F. Sket, J. Molina-Aldareguia, R. Seltzer, S. Hernandez, A. Enfedaque, C. Gonz\u00e1les, J. Llorca<\/em><br \/><strong>Oral<\/strong><\/p><\/div>\n\t\t\t\t<\/div>\n\t\t\t\t\t\t\t<div class=\"elementor-toggle-item\">\n\t\t\t\t\t<div id=\"elementor-tab-title-21741\" class=\"elementor-tab-title\" data-tab=\"41\" role=\"button\" aria-controls=\"elementor-tab-content-21741\" aria-expanded=\"false\">\n\t\t\t\t\t\t\t\t\t\t\t\t<span class=\"elementor-toggle-icon elementor-toggle-icon-left\" aria-hidden=\"true\">\n\t\t\t\t\t\t\t\t\t\t\t\t\t\t\t<i class=\"elementor-toggle-icon-closed fa fa-caret-right\"><\/i>\n\t\t\t\t\t\t\t\t<i class=\"elementor-toggle-icon-opened fa fa-caret-up\"><\/i>\n\t\t\t\t\t\t\t\t\t\t\t\t\t<\/span>\n\t\t\t\t\t\t\t\t\t\t\t\t<a class=\"elementor-toggle-title\" tabindex=\"0\">32nd Ris\u00f8 International Symposium on Materials Science<\/a>\n\t\t\t\t\t<\/div>\n\n\t\t\t\t\t<div id=\"elementor-tab-content-21741\" class=\"elementor-tab-content elementor-clearfix\" data-tab=\"41\" role=\"region\" aria-labelledby=\"elementor-tab-title-21741\"><p><b>32<\/b><b>nd<\/b><b>\u00a0<\/b><b>Ris\u00f8<\/b><b>\u00a0International Symposium on Materials Science \u2013 Composite Materials\u00a0<\/b><b>for<\/b><b>Structural<\/b><b>\u00a0Performance:\u00a0<\/b><b>Towards<\/b><b>\u00a0Higher Limits<\/b>.<\/p><p><span class=\"title_blue\">Advances and challenges in the computational simulation of composites<\/span><br \/><em>J. Llorca<\/em><\/p><\/div>\n\t\t\t\t<\/div>\n\t\t\t\t\t\t\t<div class=\"elementor-toggle-item\">\n\t\t\t\t\t<div id=\"elementor-tab-title-21742\" class=\"elementor-tab-title\" data-tab=\"42\" role=\"button\" aria-controls=\"elementor-tab-content-21742\" aria-expanded=\"false\">\n\t\t\t\t\t\t\t\t\t\t\t\t<span class=\"elementor-toggle-icon elementor-toggle-icon-left\" aria-hidden=\"true\">\n\t\t\t\t\t\t\t\t\t\t\t\t\t\t\t<i class=\"elementor-toggle-icon-closed fa fa-caret-right\"><\/i>\n\t\t\t\t\t\t\t\t<i class=\"elementor-toggle-icon-opened fa fa-caret-up\"><\/i>\n\t\t\t\t\t\t\t\t\t\t\t\t\t<\/span>\n\t\t\t\t\t\t\t\t\t\t\t\t<a class=\"elementor-toggle-title\" tabindex=\"0\">Comptest2011<\/a>\n\t\t\t\t\t<\/div>\n\n\t\t\t\t\t<div id=\"elementor-tab-content-21742\" class=\"elementor-tab-content elementor-clearfix\" data-tab=\"42\" role=\"region\" aria-labelledby=\"elementor-tab-title-21742\"><p><strong>Comptest2011 \u2013 5<sup>th<\/sup>\u00a0International Conference on Composites Testing and Model Identification<\/strong><\/p><p><em>Lausanne, Switzerland, 14-16 February 2011<\/em><\/p><p><span class=\"title_blue\">Sequential Stages Of Crack Propagation In Pre-Notched Glass Fiber\/Epoxy Cross-Ply Composites Studied By XCT<\/span><br \/><em>R. Seltzer, F. Sket, J. Molina-Aldaregu\u00eda, C. Gonz\u00e1lez, J. Llorca<\/em><br \/><strong>Oral<\/strong><\/p><\/div>\n\t\t\t\t<\/div>\n\t\t\t\t\t\t\t<div class=\"elementor-toggle-item\">\n\t\t\t\t\t<div id=\"elementor-tab-title-21743\" class=\"elementor-tab-title\" data-tab=\"43\" role=\"button\" aria-controls=\"elementor-tab-content-21743\" aria-expanded=\"false\">\n\t\t\t\t\t\t\t\t\t\t\t\t<span class=\"elementor-toggle-icon elementor-toggle-icon-left\" aria-hidden=\"true\">\n\t\t\t\t\t\t\t\t\t\t\t\t\t\t\t<i class=\"elementor-toggle-icon-closed fa fa-caret-right\"><\/i>\n\t\t\t\t\t\t\t\t<i class=\"elementor-toggle-icon-opened fa fa-caret-up\"><\/i>\n\t\t\t\t\t\t\t\t\t\t\t\t\t<\/span>\n\t\t\t\t\t\t\t\t\t\t\t\t<a class=\"elementor-toggle-title\" tabindex=\"0\">High Resolution X-ray CT Symposium<\/a>\n\t\t\t\t\t<\/div>\n\n\t\t\t\t\t<div id=\"elementor-tab-content-21743\" class=\"elementor-tab-content elementor-clearfix\" data-tab=\"43\" role=\"region\" aria-labelledby=\"elementor-tab-title-21743\"><p><em>Dresden, Germany, 31 August \u2013 02 September 2010<\/em><\/p><p><span class=\"title_blue\">Damage evaluation of fibre reinforced polymers under impact.<\/span><br \/><em>F. Sket, J. Molina, A. Enfedaque, J. Llorca<\/em><br \/><strong>Oral<\/strong><\/p><\/div>\n\t\t\t\t<\/div>\n\t\t\t\t\t\t\t<div class=\"elementor-toggle-item\">\n\t\t\t\t\t<div id=\"elementor-tab-title-21744\" class=\"elementor-tab-title\" data-tab=\"44\" role=\"button\" aria-controls=\"elementor-tab-content-21744\" aria-expanded=\"false\">\n\t\t\t\t\t\t\t\t\t\t\t\t<span class=\"elementor-toggle-icon elementor-toggle-icon-left\" aria-hidden=\"true\">\n\t\t\t\t\t\t\t\t\t\t\t\t\t\t\t<i class=\"elementor-toggle-icon-closed fa fa-caret-right\"><\/i>\n\t\t\t\t\t\t\t\t<i class=\"elementor-toggle-icon-opened fa fa-caret-up\"><\/i>\n\t\t\t\t\t\t\t\t\t\t\t\t\t<\/span>\n\t\t\t\t\t\t\t\t\t\t\t\t<a class=\"elementor-toggle-title\" tabindex=\"0\">ECCM13<\/a>\n\t\t\t\t\t<\/div>\n\n\t\t\t\t\t<div id=\"elementor-tab-content-21744\" class=\"elementor-tab-content elementor-clearfix\" data-tab=\"44\" role=\"region\" aria-labelledby=\"elementor-tab-title-21744\"><p><b>Proceedings of the 13th European Conference on Composite Materials,\u00a0<\/b>electronic version, 2008<\/p><p><span class=\"title_blue\">Mechanical properties of interpenetrating Al-SiC composites derived from wodd templates.<\/span><br \/><em>T. E. Wilkes, J. Y. Pastor, J. LLorca, K. T. Faber.<\/em><\/p><p><span class=\"title_blue\">Failure criteria for composite materials under multiaxial stress states.<\/span><br \/><em>E. Totry, C. Gonz\u00e1lez, J. LLorca.<\/em><\/p><\/div>\n\t\t\t\t<\/div>\n\t\t\t\t\t\t\t\t<\/div>\n\t\t\t\t\t\t<\/div>\n\t\t\t\t<\/div>\n\t\t\t\t\t<\/div>\n\t\t<\/div>\n\t\t\t\t\t<\/div>\n\t\t<\/section>\n\t\t\t\t<\/div>\n\t\t","protected":false},"excerpt":{"rendered":"<p>COMPOSITES 2017 6th ECCOMAS \u00a0Thematic Conference on the Mechanical Response of Composites Eindhoven, The Netherlands, 20-22 September 2017 A multi-material shell modelling of mechanical behaviour of triaxial braided compositesA. Garc\u00eda-Carpintero, C.S. Lopes, M. Herr\u00e1ez, J. Xu, C. Gonz\u00e1lez Damage and failure of woven composites from a bottom-up multiscale modelling approachJ.I. M\u00fagica, J. Xu, F. Naya, [&hellip;]<\/p>\n","protected":false},"author":6,"featured_media":0,"parent":0,"menu_order":0,"comment_status":"closed","ping_status":"closed","template":"","meta":{"_acf_changed":false,"_genesis_hide_title":false,"_genesis_hide_breadcrumbs":false,"_genesis_hide_singular_image":false,"_genesis_hide_footer_widgets":false,"_genesis_custom_body_class":"","_genesis_custom_post_class":"","_genesis_layout":"","footnotes":"","_links_to":"","_links_to_target":""},"class_list":{"0":"post-19405","1":"page","2":"type-page","3":"status-publish","5":"entry"},"acf":[],"_links":{"self":[{"href":"https:\/\/www.materials.imdea.org\/groups\/cm\/wp-json\/wp\/v2\/pages\/19405","targetHints":{"allow":["GET"]}}],"collection":[{"href":"https:\/\/www.materials.imdea.org\/groups\/cm\/wp-json\/wp\/v2\/pages"}],"about":[{"href":"https:\/\/www.materials.imdea.org\/groups\/cm\/wp-json\/wp\/v2\/types\/page"}],"author":[{"embeddable":true,"href":"https:\/\/www.materials.imdea.org\/groups\/cm\/wp-json\/wp\/v2\/users\/6"}],"replies":[{"embeddable":true,"href":"https:\/\/www.materials.imdea.org\/groups\/cm\/wp-json\/wp\/v2\/comments?post=19405"}],"version-history":[{"count":5,"href":"https:\/\/www.materials.imdea.org\/groups\/cm\/wp-json\/wp\/v2\/pages\/19405\/revisions"}],"predecessor-version":[{"id":19908,"href":"https:\/\/www.materials.imdea.org\/groups\/cm\/wp-json\/wp\/v2\/pages\/19405\/revisions\/19908"}],"wp:attachment":[{"href":"https:\/\/www.materials.imdea.org\/groups\/cm\/wp-json\/wp\/v2\/media?parent=19405"}],"curies":[{"name":"wp","href":"https:\/\/api.w.org\/{rel}","templated":true}]}}